{"id":4009,"date":"2022-03-20T11:01:35","date_gmt":"2022-03-20T11:01:35","guid":{"rendered":"https:\/\/www.valerielemeur.com\/?page_id=4009"},"modified":"2024-08-20T20:05:24","modified_gmt":"2024-08-20T20:05:24","slug":"andalousie-spain","status":"publish","type":"page","link":"https:\/\/www.valerielemeur.com\/en\/portefolio\/andalousie-spain\/","title":{"rendered":"Andalousie, Espagne"},"content":{"rendered":"<div class=\"wp-block-uagb-separator uagb-block-2fda7014\"><div class=\"uagb-separator-spacing-wrapper\"><div class=\"wp-block-uagb-separator__inner\" style=\"--my-background-image:\"><\/div><\/div><\/div>\n\n\n\n<div class=\"wp-block-uagb-advanced-heading uagb-block-78eb419b\"><h2 class=\"uagb-heading-text\">Andalousie, Espagne<\/h2><div class=\"uagb-separator\"><\/div><\/div>\n\n\n\n\t\t\t<div class=\"wp-block-uagb-post-grid uagb-post-grid  uagb-post__image-position-top uagb-post__image-enabled uagb-block-0c21c5b5     uagb-post__items uagb-post__columns-3 is-grid uagb-post__columns-tablet-2 uagb-post__columns-mobile-1 uagb-post__equal-height\" data-total=\"1\" style=\"\">\n\n\t\t\t\t\t\t\t\t\t\t\t\t<article class=\"uagb-post__inner-wrap\">\t\t\t\t\t\t\t\t<div class='uagb-post__image'>\n\t\t\t\t\t\t\t\t\t<a href=\"https:\/\/www.valerielemeur.com\/en\/impressions-papier-fine-art\/\" target=\"_self\" rel=\"bookmark noopener noreferrer\" class='uagb-image-ratio-inherit'><img loading=\"lazy\" decoding=\"async\" width=\"993\" height=\"1000\" src=\"https:\/\/www.valerielemeur.com\/wp-content\/uploads\/2023\/07\/chateau-cadre-orange.png\" class=\"attachment-full size-full\" alt=\"\" srcset=\"https:\/\/www.valerielemeur.com\/wp-content\/uploads\/2023\/07\/chateau-cadre-orange.png 993w, https:\/\/www.valerielemeur.com\/wp-content\/uploads\/2023\/07\/chateau-cadre-orange-298x300.png 298w, https:\/\/www.valerielemeur.com\/wp-content\/uploads\/2023\/07\/chateau-cadre-orange-150x150.png 150w, https:\/\/www.valerielemeur.com\/wp-content\/uploads\/2023\/07\/chateau-cadre-orange-768x773.png 768w, https:\/\/www.valerielemeur.com\/wp-content\/uploads\/2023\/07\/chateau-cadre-orange-12x12.png 12w\" sizes=\"auto, (max-width: 993px) 100vw, 993px\" \/>\t\t\t\t\t<\/a>\n\t\t\t\t\t\t\t<\/div>\n\t\t\t\t\t\t<h4 class=\"uagb-post__title uagb-post__text\">\n\t\t\t\t<a href=\"https:\/\/www.valerielemeur.com\/en\/impressions-papier-fine-art\/\" target=\"_self\" rel=\"bookmark noopener noreferrer\">Impressions papier Fine Art<\/a>\n\t\t\t<\/h4>\n\t\t\t\t\t\t<div class='uagb-post__text uagb-post-grid-byline'>\n\t\t\t\t\t\t\t\t<time datetime=\"2023-07-07T13:20:26+00:00\" class=\"uagb-post__date\">\n\t\t\t\t<span class=\"dashicons-calendar dashicons\"><\/span>\t\t\t\t\tJuly 2023\t\t\t\t<\/time>\n\t\t\t\t\t\t\t<div class=\"uagb-post__text\">\n\t\t\t\t\t<span class='uagb-post__taxonomy'>\n\t\t\t\t\t\t<span class=\"dashicons-tag dashicons\"><\/span>\t\t\t\t\t\t<a href=\"https:\/\/www.valerielemeur.com\/en\/categorie\/painting\/seville-spain\/\">S\u00e9ville, Spain<\/a>,&nbsp;<a href=\"https:\/\/www.valerielemeur.com\/en\/categorie\/painting\/\">Tableau<\/a>\t\t\t\t\t<\/span>\n\t\t\t\t<\/div>\n\t\t\t\t\t\t\t<\/div>\n\t\t\t\t\t\t<div class=\"uagb-post__text uagb-post__cta wp-block-button\">\n\t\t\t\t<a class=\"wp-block-button__link uagb-text-link\" style=\"\" href=\"https:\/\/www.valerielemeur.com\/en\/impressions-papier-fine-art\/\" target=\"_self\" rel=\"bookmark noopener noreferrer\">Read More<\/a>\n\t\t\t<\/div>\n\t\t\t\n\t\t\t\t\t\t\t\t\t<\/article>\n\t\t\t\t\t\t\t\t\t\t\t\t\t\t\t\t<article class=\"uagb-post__inner-wrap\">\t\t\t\t\t\t\t\t<div class='uagb-post__image'>\n\t\t\t\t\t\t\t\t\t<a href=\"https:\/\/www.valerielemeur.com\/en\/un-hotel-andalou\/\" target=\"_self\" rel=\"bookmark noopener noreferrer\" class='uagb-image-ratio-inherit'><img loading=\"lazy\" decoding=\"async\" width=\"2560\" height=\"2120\" src=\"https:\/\/www.valerielemeur.com\/wp-content\/uploads\/2023\/07\/hotel-andalou-large-scaled.jpg\" class=\"attachment-full size-full\" alt=\"\" srcset=\"https:\/\/www.valerielemeur.com\/wp-content\/uploads\/2023\/07\/hotel-andalou-large-scaled.jpg 2560w, https:\/\/www.valerielemeur.com\/wp-content\/uploads\/2023\/07\/hotel-andalou-large-300x248.jpg 300w, https:\/\/www.valerielemeur.com\/wp-content\/uploads\/2023\/07\/hotel-andalou-large-1024x848.jpg 1024w, https:\/\/www.valerielemeur.com\/wp-content\/uploads\/2023\/07\/hotel-andalou-large-768x636.jpg 768w, https:\/\/www.valerielemeur.com\/wp-content\/uploads\/2023\/07\/hotel-andalou-large-1536x1272.jpg 1536w, https:\/\/www.valerielemeur.com\/wp-content\/uploads\/2023\/07\/hotel-andalou-large-2048x1696.jpg 2048w, https:\/\/www.valerielemeur.com\/wp-content\/uploads\/2023\/07\/hotel-andalou-large-14x12.jpg 14w\" sizes=\"auto, (max-width: 2560px) 100vw, 2560px\" \/>\t\t\t\t\t<\/a>\n\t\t\t\t\t\t\t<\/div>\n\t\t\t\t\t\t<h4 class=\"uagb-post__title uagb-post__text\">\n\t\t\t\t<a href=\"https:\/\/www.valerielemeur.com\/en\/un-hotel-andalou\/\" target=\"_self\" rel=\"bookmark noopener noreferrer\">Un h\u00f4tel andalou<\/a>\n\t\t\t<\/h4>\n\t\t\t\t\t\t<div class='uagb-post__text uagb-post-grid-byline'>\n\t\t\t\t\t\t\t\t<time datetime=\"2023-07-01T11:50:43+00:00\" class=\"uagb-post__date\">\n\t\t\t\t<span class=\"dashicons-calendar dashicons\"><\/span>\t\t\t\t\tJuly 2023\t\t\t\t<\/time>\n\t\t\t\t\t\t\t<div class=\"uagb-post__text\">\n\t\t\t\t\t<span class='uagb-post__taxonomy'>\n\t\t\t\t\t\t<span class=\"dashicons-tag dashicons\"><\/span>\t\t\t\t\t\t<a href=\"https:\/\/www.valerielemeur.com\/en\/categorie\/painting\/seville-spain\/\">S\u00e9ville, Spain<\/a>,&nbsp;<a href=\"https:\/\/www.valerielemeur.com\/en\/categorie\/painting\/\">Tableau<\/a>\t\t\t\t\t<\/span>\n\t\t\t\t<\/div>\n\t\t\t\t\t\t\t<\/div>\n\t\t\t\t\t\t<div class=\"uagb-post__text uagb-post__cta wp-block-button\">\n\t\t\t\t<a class=\"wp-block-button__link uagb-text-link\" style=\"\" href=\"https:\/\/www.valerielemeur.com\/en\/un-hotel-andalou\/\" target=\"_self\" rel=\"bookmark noopener noreferrer\">Read More<\/a>\n\t\t\t<\/div>\n\t\t\t\n\t\t\t\t\t\t\t\t\t<\/article>\n\t\t\t\t\t\t\t\t\t\t\t\t\t\t\t\t<article class=\"uagb-post__inner-wrap\">\t\t\t\t\t\t\t\t<div class='uagb-post__image'>\n\t\t\t\t\t\t\t\t\t<a href=\"https:\/\/www.valerielemeur.com\/en\/sunny-cordoue\/\" target=\"_self\" rel=\"bookmark noopener noreferrer\" class='uagb-image-ratio-inherit'><img loading=\"lazy\" decoding=\"async\" width=\"2142\" height=\"2560\" src=\"https:\/\/www.valerielemeur.com\/wp-content\/uploads\/2023\/06\/sunny-cordoue-couleur-scaled.jpg\" class=\"attachment-full size-full\" alt=\"\" srcset=\"https:\/\/www.valerielemeur.com\/wp-content\/uploads\/2023\/06\/sunny-cordoue-couleur-scaled.jpg 2142w, https:\/\/www.valerielemeur.com\/wp-content\/uploads\/2023\/06\/sunny-cordoue-couleur-251x300.jpg 251w, https:\/\/www.valerielemeur.com\/wp-content\/uploads\/2023\/06\/sunny-cordoue-couleur-857x1024.jpg 857w, https:\/\/www.valerielemeur.com\/wp-content\/uploads\/2023\/06\/sunny-cordoue-couleur-768x918.jpg 768w, https:\/\/www.valerielemeur.com\/wp-content\/uploads\/2023\/06\/sunny-cordoue-couleur-1285x1536.jpg 1285w, https:\/\/www.valerielemeur.com\/wp-content\/uploads\/2023\/06\/sunny-cordoue-couleur-1714x2048.jpg 1714w, https:\/\/www.valerielemeur.com\/wp-content\/uploads\/2023\/06\/sunny-cordoue-couleur-10x12.jpg 10w\" sizes=\"auto, (max-width: 2142px) 100vw, 2142px\" \/>\t\t\t\t\t<\/a>\n\t\t\t\t\t\t\t<\/div>\n\t\t\t\t\t\t<h4 class=\"uagb-post__title uagb-post__text\">\n\t\t\t\t<a href=\"https:\/\/www.valerielemeur.com\/en\/sunny-cordoue\/\" target=\"_self\" rel=\"bookmark noopener noreferrer\">Sunny Cordoue<\/a>\n\t\t\t<\/h4>\n\t\t\t\t\t\t<div class='uagb-post__text uagb-post-grid-byline'>\n\t\t\t\t\t\t\t\t<time datetime=\"2023-06-22T13:57:52+00:00\" class=\"uagb-post__date\">\n\t\t\t\t<span class=\"dashicons-calendar dashicons\"><\/span>\t\t\t\t\tJune 2023\t\t\t\t<\/time>\n\t\t\t\t\t\t\t<div class=\"uagb-post__text\">\n\t\t\t\t\t<span class='uagb-post__taxonomy'>\n\t\t\t\t\t\t<span class=\"dashicons-tag dashicons\"><\/span>\t\t\t\t\t\t<a href=\"https:\/\/www.valerielemeur.com\/en\/categorie\/painting\/seville-spain\/\">S\u00e9ville, Spain<\/a>,&nbsp;<a href=\"https:\/\/www.valerielemeur.com\/en\/categorie\/painting\/\">Tableau<\/a>\t\t\t\t\t<\/span>\n\t\t\t\t<\/div>\n\t\t\t\t\t\t\t<\/div>\n\t\t\t\t\t\t<div class=\"uagb-post__text uagb-post__cta wp-block-button\">\n\t\t\t\t<a class=\"wp-block-button__link uagb-text-link\" style=\"\" href=\"https:\/\/www.valerielemeur.com\/en\/sunny-cordoue\/\" target=\"_self\" rel=\"bookmark noopener noreferrer\">Read More<\/a>\n\t\t\t<\/div>\n\t\t\t\n\t\t\t\t\t\t\t\t\t<\/article>\n\t\t\t\t\t\t\t\t\t\t\t\t\t\t\t\t<article class=\"uagb-post__inner-wrap\">\t\t\t\t\t\t\t\t<div class='uagb-post__image'>\n\t\t\t\t\t\t\t\t\t<a href=\"https:\/\/www.valerielemeur.com\/en\/dreaming-andalousie-2\/\" target=\"_self\" rel=\"bookmark noopener noreferrer\" class='uagb-image-ratio-inherit'><img loading=\"lazy\" decoding=\"async\" width=\"2053\" height=\"2560\" src=\"https:\/\/www.valerielemeur.com\/wp-content\/uploads\/2023\/05\/Dreaming-andalousie-2-scaled.jpg\" class=\"attachment-full size-full\" alt=\"\" srcset=\"https:\/\/www.valerielemeur.com\/wp-content\/uploads\/2023\/05\/Dreaming-andalousie-2-scaled.jpg 2053w, https:\/\/www.valerielemeur.com\/wp-content\/uploads\/2023\/05\/Dreaming-andalousie-2-241x300.jpg 241w, https:\/\/www.valerielemeur.com\/wp-content\/uploads\/2023\/05\/Dreaming-andalousie-2-821x1024.jpg 821w, https:\/\/www.valerielemeur.com\/wp-content\/uploads\/2023\/05\/Dreaming-andalousie-2-768x958.jpg 768w, https:\/\/www.valerielemeur.com\/wp-content\/uploads\/2023\/05\/Dreaming-andalousie-2-1232x1536.jpg 1232w, https:\/\/www.valerielemeur.com\/wp-content\/uploads\/2023\/05\/Dreaming-andalousie-2-1642x2048.jpg 1642w, https:\/\/www.valerielemeur.com\/wp-content\/uploads\/2023\/05\/Dreaming-andalousie-2-10x12.jpg 10w\" sizes=\"auto, (max-width: 2053px) 100vw, 2053px\" \/>\t\t\t\t\t<\/a>\n\t\t\t\t\t\t\t<\/div>\n\t\t\t\t\t\t<h4 class=\"uagb-post__title uagb-post__text\">\n\t\t\t\t<a href=\"https:\/\/www.valerielemeur.com\/en\/dreaming-andalousie-2\/\" target=\"_self\" rel=\"bookmark noopener noreferrer\">Dreaming Andalousie -2&#8211; Collection personnelle<\/a>\n\t\t\t<\/h4>\n\t\t\t\t\t\t<div class='uagb-post__text uagb-post-grid-byline'>\n\t\t\t\t\t\t\t\t<time datetime=\"2023-05-27T07:57:21+00:00\" class=\"uagb-post__date\">\n\t\t\t\t<span class=\"dashicons-calendar dashicons\"><\/span>\t\t\t\t\tMay 2023\t\t\t\t<\/time>\n\t\t\t\t\t\t\t<div class=\"uagb-post__text\">\n\t\t\t\t\t<span class='uagb-post__taxonomy'>\n\t\t\t\t\t\t<span class=\"dashicons-tag dashicons\"><\/span>\t\t\t\t\t\t<a href=\"https:\/\/www.valerielemeur.com\/en\/categorie\/painting\/seville-spain\/\">S\u00e9ville, Spain<\/a>,&nbsp;<a href=\"https:\/\/www.valerielemeur.com\/en\/categorie\/painting\/\">Tableau<\/a>\t\t\t\t\t<\/span>\n\t\t\t\t<\/div>\n\t\t\t\t\t\t\t<\/div>\n\t\t\t\t\t\t<div class=\"uagb-post__text uagb-post__cta wp-block-button\">\n\t\t\t\t<a class=\"wp-block-button__link uagb-text-link\" style=\"\" href=\"https:\/\/www.valerielemeur.com\/en\/dreaming-andalousie-2\/\" target=\"_self\" rel=\"bookmark noopener noreferrer\">Read More<\/a>\n\t\t\t<\/div>\n\t\t\t\n\t\t\t\t\t\t\t\t\t<\/article>\n\t\t\t\t\t\t\t\t\t\t\t\t\t\t\t\t<article class=\"uagb-post__inner-wrap\">\t\t\t\t\t\t\t\t<div class='uagb-post__image'>\n\t\t\t\t\t\t\t\t\t<a href=\"https:\/\/www.valerielemeur.com\/en\/un-chateau-en-espagne\/\" target=\"_self\" rel=\"bookmark noopener noreferrer\" class='uagb-image-ratio-inherit'><img loading=\"lazy\" decoding=\"async\" width=\"2560\" height=\"2546\" src=\"https:\/\/www.valerielemeur.com\/wp-content\/uploads\/2023\/01\/Un-chateauLEMEUR-230228-2631-scaled.jpg\" class=\"attachment-full size-full\" alt=\"\" srcset=\"https:\/\/www.valerielemeur.com\/wp-content\/uploads\/2023\/01\/Un-chateauLEMEUR-230228-2631-scaled.jpg 2560w, https:\/\/www.valerielemeur.com\/wp-content\/uploads\/2023\/01\/Un-chateauLEMEUR-230228-2631-300x298.jpg 300w, https:\/\/www.valerielemeur.com\/wp-content\/uploads\/2023\/01\/Un-chateauLEMEUR-230228-2631-1024x1019.jpg 1024w, https:\/\/www.valerielemeur.com\/wp-content\/uploads\/2023\/01\/Un-chateauLEMEUR-230228-2631-150x150.jpg 150w, https:\/\/www.valerielemeur.com\/wp-content\/uploads\/2023\/01\/Un-chateauLEMEUR-230228-2631-768x764.jpg 768w, https:\/\/www.valerielemeur.com\/wp-content\/uploads\/2023\/01\/Un-chateauLEMEUR-230228-2631-1536x1528.jpg 1536w, https:\/\/www.valerielemeur.com\/wp-content\/uploads\/2023\/01\/Un-chateauLEMEUR-230228-2631-2048x2037.jpg 2048w, https:\/\/www.valerielemeur.com\/wp-content\/uploads\/2023\/01\/Un-chateauLEMEUR-230228-2631-12x12.jpg 12w\" sizes=\"auto, (max-width: 2560px) 100vw, 2560px\" \/>\t\t\t\t\t<\/a>\n\t\t\t\t\t\t\t<\/div>\n\t\t\t\t\t\t<h4 class=\"uagb-post__title uagb-post__text\">\n\t\t\t\t<a href=\"https:\/\/www.valerielemeur.com\/en\/un-chateau-en-espagne\/\" target=\"_self\" rel=\"bookmark noopener noreferrer\">Un ch\u00e2teau en Espagne- sold<\/a>\n\t\t\t<\/h4>\n\t\t\t\t\t\t<div class='uagb-post__text uagb-post-grid-byline'>\n\t\t\t\t\t\t\t\t<time datetime=\"2022-03-17T10:47:30+00:00\" class=\"uagb-post__date\">\n\t\t\t\t<span class=\"dashicons-calendar dashicons\"><\/span>\t\t\t\t\tMarch 2022\t\t\t\t<\/time>\n\t\t\t\t\t\t\t<div class=\"uagb-post__text\">\n\t\t\t\t\t<span class='uagb-post__taxonomy'>\n\t\t\t\t\t\t<span class=\"dashicons-tag dashicons\"><\/span>\t\t\t\t\t\t<a href=\"https:\/\/www.valerielemeur.com\/en\/categorie\/painting\/seville-spain\/\">S\u00e9ville, Spain<\/a>,&nbsp;<a href=\"https:\/\/www.valerielemeur.com\/en\/categorie\/painting\/\">Tableau<\/a>,&nbsp;<a href=\"https:\/\/www.valerielemeur.com\/en\/categorie\/painting\/tableaux-vendus\/\">Sold<\/a>\t\t\t\t\t<\/span>\n\t\t\t\t<\/div>\n\t\t\t\t\t\t\t<\/div>\n\t\t\t\t\t\t<div class=\"uagb-post__text uagb-post__cta wp-block-button\">\n\t\t\t\t<a class=\"wp-block-button__link uagb-text-link\" style=\"\" href=\"https:\/\/www.valerielemeur.com\/en\/un-chateau-en-espagne\/\" target=\"_self\" rel=\"bookmark noopener noreferrer\">Read More<\/a>\n\t\t\t<\/div>\n\t\t\t\n\t\t\t\t\t\t\t\t\t<\/article>\n\t\t\t\t\t\t\t\t\t\t\t\t\t\t\t\t<article class=\"uagb-post__inner-wrap\">\t\t\t\t\t\t\t\t<div class='uagb-post__image'>\n\t\t\t\t\t\t\t\t\t<a href=\"https:\/\/www.valerielemeur.com\/en\/libertad-sevilla-2\/\" target=\"_self\" rel=\"bookmark noopener noreferrer\" class='uagb-image-ratio-inherit'><img loading=\"lazy\" decoding=\"async\" width=\"2560\" height=\"2557\" src=\"https:\/\/www.valerielemeur.com\/wp-content\/uploads\/2022\/02\/libertad-Sevilla-2-scaled.jpg\" class=\"attachment-full size-full\" alt=\"\" srcset=\"https:\/\/www.valerielemeur.com\/wp-content\/uploads\/2022\/02\/libertad-Sevilla-2-scaled.jpg 2560w, https:\/\/www.valerielemeur.com\/wp-content\/uploads\/2022\/02\/libertad-Sevilla-2-300x300.jpg 300w, https:\/\/www.valerielemeur.com\/wp-content\/uploads\/2022\/02\/libertad-Sevilla-2-1024x1024.jpg 1024w, https:\/\/www.valerielemeur.com\/wp-content\/uploads\/2022\/02\/libertad-Sevilla-2-150x150.jpg 150w, https:\/\/www.valerielemeur.com\/wp-content\/uploads\/2022\/02\/libertad-Sevilla-2-768x767.jpg 768w, https:\/\/www.valerielemeur.com\/wp-content\/uploads\/2022\/02\/libertad-Sevilla-2-1536x1534.jpg 1536w, https:\/\/www.valerielemeur.com\/wp-content\/uploads\/2022\/02\/libertad-Sevilla-2-2048x2046.jpg 2048w, https:\/\/www.valerielemeur.com\/wp-content\/uploads\/2022\/02\/libertad-Sevilla-2-12x12.jpg 12w\" sizes=\"auto, (max-width: 2560px) 100vw, 2560px\" \/>\t\t\t\t\t<\/a>\n\t\t\t\t\t\t\t<\/div>\n\t\t\t\t\t\t<h4 class=\"uagb-post__title uagb-post__text\">\n\t\t\t\t<a href=\"https:\/\/www.valerielemeur.com\/en\/libertad-sevilla-2\/\" target=\"_self\" rel=\"bookmark noopener noreferrer\">Libertad Sevilla- Exposition \u00e0 Boulogne-Billancourt  2022<\/a>\n\t\t\t<\/h4>\n\t\t\t\t\t\t<div class='uagb-post__text uagb-post-grid-byline'>\n\t\t\t\t\t\t\t\t<time datetime=\"2022-03-09T14:12:15+00:00\" class=\"uagb-post__date\">\n\t\t\t\t<span class=\"dashicons-calendar dashicons\"><\/span>\t\t\t\t\tMarch 2022\t\t\t\t<\/time>\n\t\t\t\t\t\t\t<div class=\"uagb-post__text\">\n\t\t\t\t\t<span class='uagb-post__taxonomy'>\n\t\t\t\t\t\t<span class=\"dashicons-tag dashicons\"><\/span>\t\t\t\t\t\t<a href=\"https:\/\/www.valerielemeur.com\/en\/categorie\/painting\/seville-spain\/\">S\u00e9ville, Spain<\/a>,&nbsp;<a href=\"https:\/\/www.valerielemeur.com\/en\/categorie\/painting\/\">Tableau<\/a>\t\t\t\t\t<\/span>\n\t\t\t\t<\/div>\n\t\t\t\t\t\t\t<\/div>\n\t\t\t\t\t\t<div class=\"uagb-post__text uagb-post__cta wp-block-button\">\n\t\t\t\t<a class=\"wp-block-button__link uagb-text-link\" style=\"\" href=\"https:\/\/www.valerielemeur.com\/en\/libertad-sevilla-2\/\" target=\"_self\" rel=\"bookmark noopener noreferrer\">Read More<\/a>\n\t\t\t<\/div>\n\t\t\t\n\t\t\t\t\t\t\t\t\t<\/article>\n\t\t\t\t\t\t\t\t\t\t\t\t\t\t\t\t<article class=\"uagb-post__inner-wrap\">\t\t\t\t\t\t\t\t<div class='uagb-post__image'>\n\t\t\t\t\t\t\t\t\t<a href=\"https:\/\/www.valerielemeur.com\/en\/un-autre-jour-se-leve\/\" target=\"_self\" rel=\"bookmark noopener noreferrer\" class='uagb-image-ratio-inherit'><img loading=\"lazy\" decoding=\"async\" width=\"2560\" height=\"2535\" src=\"https:\/\/www.valerielemeur.com\/wp-content\/uploads\/2022\/02\/20220318_1704522-scaled.jpg\" class=\"attachment-full size-full\" alt=\"\" srcset=\"https:\/\/www.valerielemeur.com\/wp-content\/uploads\/2022\/02\/20220318_1704522-scaled.jpg 2560w, https:\/\/www.valerielemeur.com\/wp-content\/uploads\/2022\/02\/20220318_1704522-300x297.jpg 300w, https:\/\/www.valerielemeur.com\/wp-content\/uploads\/2022\/02\/20220318_1704522-1024x1014.jpg 1024w, https:\/\/www.valerielemeur.com\/wp-content\/uploads\/2022\/02\/20220318_1704522-150x150.jpg 150w, https:\/\/www.valerielemeur.com\/wp-content\/uploads\/2022\/02\/20220318_1704522-768x761.jpg 768w, https:\/\/www.valerielemeur.com\/wp-content\/uploads\/2022\/02\/20220318_1704522-1536x1521.jpg 1536w, https:\/\/www.valerielemeur.com\/wp-content\/uploads\/2022\/02\/20220318_1704522-2048x2028.jpg 2048w, https:\/\/www.valerielemeur.com\/wp-content\/uploads\/2022\/02\/20220318_1704522-12x12.jpg 12w\" sizes=\"auto, (max-width: 2560px) 100vw, 2560px\" \/>\t\t\t\t\t<\/a>\n\t\t\t\t\t\t\t<\/div>\n\t\t\t\t\t\t<h4 class=\"uagb-post__title uagb-post__text\">\n\t\t\t\t<a href=\"https:\/\/www.valerielemeur.com\/en\/un-autre-jour-se-leve\/\" target=\"_self\" rel=\"bookmark noopener noreferrer\">Un autre jour se l\u00e8ve<\/a>\n\t\t\t<\/h4>\n\t\t\t\t\t\t<div class='uagb-post__text uagb-post-grid-byline'>\n\t\t\t\t\t\t\t\t<time datetime=\"2022-02-17T10:07:09+00:00\" class=\"uagb-post__date\">\n\t\t\t\t<span class=\"dashicons-calendar dashicons\"><\/span>\t\t\t\t\tFebruary 2022\t\t\t\t<\/time>\n\t\t\t\t\t\t\t<div class=\"uagb-post__text\">\n\t\t\t\t\t<span class='uagb-post__taxonomy'>\n\t\t\t\t\t\t<span class=\"dashicons-tag dashicons\"><\/span>\t\t\t\t\t\t<a href=\"https:\/\/www.valerielemeur.com\/en\/categorie\/painting\/seville-spain\/\">S\u00e9ville, Spain<\/a>,&nbsp;<a href=\"https:\/\/www.valerielemeur.com\/en\/categorie\/painting\/\">Tableau<\/a>\t\t\t\t\t<\/span>\n\t\t\t\t<\/div>\n\t\t\t\t\t\t\t<\/div>\n\t\t\t\t\t\t<div class=\"uagb-post__text uagb-post__cta wp-block-button\">\n\t\t\t\t<a class=\"wp-block-button__link uagb-text-link\" style=\"\" href=\"https:\/\/www.valerielemeur.com\/en\/un-autre-jour-se-leve\/\" target=\"_self\" rel=\"bookmark noopener noreferrer\">Read More<\/a>\n\t\t\t<\/div>\n\t\t\t\n\t\t\t\t\t\t\t\t\t<\/article>\n\t\t\t\t\t\t\t\t\t\t\t\t\t\t\t\t<article class=\"uagb-post__inner-wrap\">\t\t\t\t\t\t\t\t<div class='uagb-post__image'>\n\t\t\t\t\t\t\t\t\t<a href=\"https:\/\/www.valerielemeur.com\/en\/sunny-seville-2\/\" target=\"_self\" rel=\"bookmark noopener noreferrer\" class='uagb-image-ratio-inherit'><img loading=\"lazy\" decoding=\"async\" width=\"1884\" height=\"2560\" src=\"https:\/\/www.valerielemeur.com\/wp-content\/uploads\/2021\/08\/Sunny-Seville-2-scaled.jpg\" class=\"attachment-full size-full\" alt=\"\" srcset=\"https:\/\/www.valerielemeur.com\/wp-content\/uploads\/2021\/08\/Sunny-Seville-2-scaled.jpg 1884w, https:\/\/www.valerielemeur.com\/wp-content\/uploads\/2021\/08\/Sunny-Seville-2-221x300.jpg 221w, https:\/\/www.valerielemeur.com\/wp-content\/uploads\/2021\/08\/Sunny-Seville-2-754x1024.jpg 754w, https:\/\/www.valerielemeur.com\/wp-content\/uploads\/2021\/08\/Sunny-Seville-2-768x1043.jpg 768w, https:\/\/www.valerielemeur.com\/wp-content\/uploads\/2021\/08\/Sunny-Seville-2-1131x1536.jpg 1131w, https:\/\/www.valerielemeur.com\/wp-content\/uploads\/2021\/08\/Sunny-Seville-2-1508x2048.jpg 1508w, https:\/\/www.valerielemeur.com\/wp-content\/uploads\/2021\/08\/Sunny-Seville-2-9x12.jpg 9w\" sizes=\"auto, (max-width: 1884px) 100vw, 1884px\" \/>\t\t\t\t\t<\/a>\n\t\t\t\t\t\t\t<\/div>\n\t\t\t\t\t\t<h4 class=\"uagb-post__title uagb-post__text\">\n\t\t\t\t<a href=\"https:\/\/www.valerielemeur.com\/en\/sunny-seville-2\/\" target=\"_self\" rel=\"bookmark noopener noreferrer\">Sunny Seville -2- Exposition Tokyo; 08-2023<\/a>\n\t\t\t<\/h4>\n\t\t\t\t\t\t<div class='uagb-post__text uagb-post-grid-byline'>\n\t\t\t\t\t\t\t\t<time datetime=\"2021-08-13T15:17:24+00:00\" class=\"uagb-post__date\">\n\t\t\t\t<span class=\"dashicons-calendar dashicons\"><\/span>\t\t\t\t\tAugust 2021\t\t\t\t<\/time>\n\t\t\t\t\t\t\t<div class=\"uagb-post__text\">\n\t\t\t\t\t<span class='uagb-post__taxonomy'>\n\t\t\t\t\t\t<span class=\"dashicons-tag dashicons\"><\/span>\t\t\t\t\t\t<a href=\"https:\/\/www.valerielemeur.com\/en\/categorie\/painting\/seville-spain\/\">S\u00e9ville, Spain<\/a>,&nbsp;<a href=\"https:\/\/www.valerielemeur.com\/en\/categorie\/painting\/\">Tableau<\/a>\t\t\t\t\t<\/span>\n\t\t\t\t<\/div>\n\t\t\t\t\t\t\t<\/div>\n\t\t\t\t\t\t<div class=\"uagb-post__text uagb-post__cta wp-block-button\">\n\t\t\t\t<a class=\"wp-block-button__link uagb-text-link\" style=\"\" href=\"https:\/\/www.valerielemeur.com\/en\/sunny-seville-2\/\" target=\"_self\" rel=\"bookmark noopener noreferrer\">Read More<\/a>\n\t\t\t<\/div>\n\t\t\t\n\t\t\t\t\t\t\t\t\t<\/article>\n\t\t\t\t\t\t\t\t\t\t\t\t\t\t\t\t<article class=\"uagb-post__inner-wrap\">\t\t\t\t\t\t\t\t<div class='uagb-post__image'>\n\t\t\t\t\t\t\t\t\t<a href=\"https:\/\/www.valerielemeur.com\/en\/sunny-seville\/\" target=\"_self\" rel=\"bookmark noopener noreferrer\" class='uagb-image-ratio-inherit'><img loading=\"lazy\" decoding=\"async\" width=\"2560\" height=\"2539\" src=\"https:\/\/www.valerielemeur.com\/wp-content\/uploads\/2021\/08\/sunny-seville-scaled.jpg\" class=\"attachment-full size-full\" alt=\"\" srcset=\"https:\/\/www.valerielemeur.com\/wp-content\/uploads\/2021\/08\/sunny-seville-scaled.jpg 2560w, https:\/\/www.valerielemeur.com\/wp-content\/uploads\/2021\/08\/sunny-seville-300x298.jpg 300w, https:\/\/www.valerielemeur.com\/wp-content\/uploads\/2021\/08\/sunny-seville-1024x1016.jpg 1024w, https:\/\/www.valerielemeur.com\/wp-content\/uploads\/2021\/08\/sunny-seville-150x150.jpg 150w, https:\/\/www.valerielemeur.com\/wp-content\/uploads\/2021\/08\/sunny-seville-768x762.jpg 768w, https:\/\/www.valerielemeur.com\/wp-content\/uploads\/2021\/08\/sunny-seville-1536x1524.jpg 1536w, https:\/\/www.valerielemeur.com\/wp-content\/uploads\/2021\/08\/sunny-seville-2048x2031.jpg 2048w, https:\/\/www.valerielemeur.com\/wp-content\/uploads\/2021\/08\/sunny-seville-12x12.jpg 12w\" sizes=\"auto, (max-width: 2560px) 100vw, 2560px\" \/>\t\t\t\t\t<\/a>\n\t\t\t\t\t\t\t<\/div>\n\t\t\t\t\t\t<h4 class=\"uagb-post__title uagb-post__text\">\n\t\t\t\t<a href=\"https:\/\/www.valerielemeur.com\/en\/sunny-seville\/\" target=\"_self\" rel=\"bookmark noopener noreferrer\">Sunny Seville -SOLD<\/a>\n\t\t\t<\/h4>\n\t\t\t\t\t\t<div class='uagb-post__text uagb-post-grid-byline'>\n\t\t\t\t\t\t\t\t<time datetime=\"2021-08-03T08:05:37+00:00\" class=\"uagb-post__date\">\n\t\t\t\t<span class=\"dashicons-calendar dashicons\"><\/span>\t\t\t\t\tAugust 2021\t\t\t\t<\/time>\n\t\t\t\t\t\t\t<div class=\"uagb-post__text\">\n\t\t\t\t\t<span class='uagb-post__taxonomy'>\n\t\t\t\t\t\t<span class=\"dashicons-tag dashicons\"><\/span>\t\t\t\t\t\t<a href=\"https:\/\/www.valerielemeur.com\/en\/categorie\/painting\/seville-spain\/\">S\u00e9ville, Spain<\/a>,&nbsp;<a href=\"https:\/\/www.valerielemeur.com\/en\/categorie\/painting\/\">Tableau<\/a>,&nbsp;<a href=\"https:\/\/www.valerielemeur.com\/en\/categorie\/painting\/tableaux-vendus\/\">Sold<\/a>\t\t\t\t\t<\/span>\n\t\t\t\t<\/div>\n\t\t\t\t\t\t\t<\/div>\n\t\t\t\t\t\t<div class=\"uagb-post__text uagb-post__cta wp-block-button\">\n\t\t\t\t<a class=\"wp-block-button__link uagb-text-link\" style=\"\" href=\"https:\/\/www.valerielemeur.com\/en\/sunny-seville\/\" target=\"_self\" rel=\"bookmark noopener noreferrer\">Read More<\/a>\n\t\t\t<\/div>\n\t\t\t\n\t\t\t\t\t\t\t\t\t<\/article>\n\t\t\t\t\t\t\t\t\t\t\t\t\t\t\t\t<article class=\"uagb-post__inner-wrap\">\t\t\t\t\t\t\t\t<div class='uagb-post__image'>\n\t\t\t\t\t\t\t\t\t<a href=\"https:\/\/www.valerielemeur.com\/en\/seville-a-geometrie-variable\/\" target=\"_self\" rel=\"bookmark noopener noreferrer\" class='uagb-image-ratio-inherit'><img loading=\"lazy\" decoding=\"async\" width=\"2560\" height=\"2546\" src=\"https:\/\/www.valerielemeur.com\/wp-content\/uploads\/2022\/03\/seville-a-geometrie-scaled.jpg\" class=\"attachment-full size-full\" alt=\"\" srcset=\"https:\/\/www.valerielemeur.com\/wp-content\/uploads\/2022\/03\/seville-a-geometrie-scaled.jpg 2560w, https:\/\/www.valerielemeur.com\/wp-content\/uploads\/2022\/03\/seville-a-geometrie-300x298.jpg 300w, https:\/\/www.valerielemeur.com\/wp-content\/uploads\/2022\/03\/seville-a-geometrie-1024x1018.jpg 1024w, https:\/\/www.valerielemeur.com\/wp-content\/uploads\/2022\/03\/seville-a-geometrie-150x150.jpg 150w, https:\/\/www.valerielemeur.com\/wp-content\/uploads\/2022\/03\/seville-a-geometrie-768x764.jpg 768w, https:\/\/www.valerielemeur.com\/wp-content\/uploads\/2022\/03\/seville-a-geometrie-1536x1528.jpg 1536w, https:\/\/www.valerielemeur.com\/wp-content\/uploads\/2022\/03\/seville-a-geometrie-2048x2037.jpg 2048w, https:\/\/www.valerielemeur.com\/wp-content\/uploads\/2022\/03\/seville-a-geometrie-12x12.jpg 12w\" sizes=\"auto, (max-width: 2560px) 100vw, 2560px\" \/>\t\t\t\t\t<\/a>\n\t\t\t\t\t\t\t<\/div>\n\t\t\t\t\t\t<h4 class=\"uagb-post__title uagb-post__text\">\n\t\t\t\t<a href=\"https:\/\/www.valerielemeur.com\/en\/seville-a-geometrie-variable\/\" target=\"_self\" rel=\"bookmark noopener noreferrer\">S\u00e9ville \u00e0 g\u00e9om\u00e9trie variable- SOLD<\/a>\n\t\t\t<\/h4>\n\t\t\t\t\t\t<div class='uagb-post__text uagb-post-grid-byline'>\n\t\t\t\t\t\t\t\t<time datetime=\"2018-05-13T15:01:37+00:00\" class=\"uagb-post__date\">\n\t\t\t\t<span class=\"dashicons-calendar dashicons\"><\/span>\t\t\t\t\tMay 2018\t\t\t\t<\/time>\n\t\t\t\t\t\t\t<div class=\"uagb-post__text\">\n\t\t\t\t\t<span class='uagb-post__taxonomy'>\n\t\t\t\t\t\t<span class=\"dashicons-tag dashicons\"><\/span>\t\t\t\t\t\t<a href=\"https:\/\/www.valerielemeur.com\/en\/categorie\/painting\/seville-spain\/\">S\u00e9ville, Spain<\/a>,&nbsp;<a href=\"https:\/\/www.valerielemeur.com\/en\/categorie\/painting\/\">Tableau<\/a>,&nbsp;<a href=\"https:\/\/www.valerielemeur.com\/en\/categorie\/painting\/tableaux-vendus\/\">Sold<\/a>\t\t\t\t\t<\/span>\n\t\t\t\t<\/div>\n\t\t\t\t\t\t\t<\/div>\n\t\t\t\t\t\t<div class=\"uagb-post__text uagb-post__cta wp-block-button\">\n\t\t\t\t<a class=\"wp-block-button__link uagb-text-link\" style=\"\" href=\"https:\/\/www.valerielemeur.com\/en\/seville-a-geometrie-variable\/\" target=\"_self\" rel=\"bookmark noopener noreferrer\">Read More<\/a>\n\t\t\t<\/div>\n\t\t\t\n\t\t\t\t\t\t\t\t\t<\/article>\n\t\t\t\t\t\t\t\t\t\t\t<\/div>","protected":false},"excerpt":{"rendered":"<p>Andalousie, Espagne<\/p>","protected":false},"author":1,"featured_media":0,"parent":935,"menu_order":1,"comment_status":"closed","ping_status":"closed","template":"","meta":{"_uag_custom_page_level_css":"","site-sidebar-layout":"default","site-content-layout":"default","ast-site-content-layout":"default","site-content-style":"default","site-sidebar-style":"default","ast-global-header-display":"","ast-banner-title-visibility":"","ast-main-header-display":"","ast-hfb-above-header-display":"","ast-hfb-below-header-display":"","ast-hfb-mobile-header-display":"","site-post-title":"disabled","ast-breadcrumbs-content":"","ast-featured-img":"disabled","footer-sml-layout":"","ast-disable-related-posts":"","theme-transparent-header-meta":"enabled","adv-header-id-meta":"","stick-header-meta":"","header-above-stick-meta":"","header-main-stick-meta":"","header-below-stick-meta":"","astra-migrate-meta-layouts":"set","ast-page-background-enabled":"default","ast-page-background-meta":{"desktop":{"background-color":"","background-image":"","background-repeat":"repeat","background-position":"center center","background-size":"auto","background-attachment":"scroll","background-type":"","background-media":"","overlay-type":"","overlay-color":"","overlay-opacity":"","overlay-gradient":""},"tablet":{"background-color":"","background-image":"","background-repeat":"repeat","background-position":"center center","background-size":"auto","background-attachment":"scroll","background-type":"","background-media":"","overlay-type":"","overlay-color":"","overlay-opacity":"","overlay-gradient":""},"mobile":{"background-color":"","background-image":"","background-repeat":"repeat","background-position":"center center","background-size":"auto","background-attachment":"scroll","background-type":"","background-media":"","overlay-type":"","overlay-color":"","overlay-opacity":"","overlay-gradient":""}},"ast-content-background-meta":{"desktop":{"background-color":"var(--ast-global-color-5)","background-image":"","background-repeat":"repeat","background-position":"center center","background-size":"auto","background-attachment":"scroll","background-type":"","background-media":"","overlay-type":"","overlay-color":"","overlay-opacity":"","overlay-gradient":""},"tablet":{"background-color":"var(--ast-global-color-5)","background-image":"","background-repeat":"repeat","background-position":"center center","background-size":"auto","background-attachment":"scroll","background-type":"","background-media":"","overlay-type":"","overlay-color":"","overlay-opacity":"","overlay-gradient":""},"mobile":{"background-color":"var(--ast-global-color-5)","background-image":"","background-repeat":"repeat","background-position":"center center","background-size":"auto","background-attachment":"scroll","background-type":"","background-media":"","overlay-type":"","overlay-color":"","overlay-opacity":"","overlay-gradient":""}},"footnotes":""},"class_list":["post-4009","page","type-page","status-publish","hentry"],"yoast_head":"<!-- This site is optimized with the Yoast SEO plugin v27.4 - https:\/\/yoast.com\/product\/yoast-seo-wordpress\/ -->\n<title>Andalousie, Espagne - Val\u00e9rie LE MEUR<\/title>\n<meta name=\"robots\" content=\"index, follow, max-snippet:-1, max-image-preview:large, max-video-preview:-1\" \/>\n<link rel=\"canonical\" href=\"https:\/\/www.valerielemeur.com\/en\/portefolio\/andalousie-spain\/\" \/>\n<meta property=\"og:locale\" content=\"en_GB\" \/>\n<meta property=\"og:type\" content=\"article\" \/>\n<meta property=\"og:title\" content=\"Andalousie, Espagne - Val\u00e9rie LE MEUR\" \/>\n<meta property=\"og:description\" content=\"Andalousie, Espagne\" \/>\n<meta property=\"og:url\" content=\"https:\/\/www.valerielemeur.com\/en\/portefolio\/andalousie-spain\/\" \/>\n<meta property=\"og:site_name\" content=\"Val\u00e9rie LE MEUR\" \/>\n<meta property=\"article:modified_time\" content=\"2024-08-20T20:05:24+00:00\" \/>\n<meta name=\"twitter:card\" content=\"summary_large_image\" \/>\n<meta name=\"twitter:label1\" content=\"Estimated reading time\" \/>\n\t<meta name=\"twitter:data1\" content=\"1 minute\" \/>\n<script type=\"application\/ld+json\" class=\"yoast-schema-graph\">{\"@context\":\"https:\\\/\\\/schema.org\",\"@graph\":[{\"@type\":\"WebPage\",\"@id\":\"https:\\\/\\\/www.valerielemeur.com\\\/portefolio\\\/andalousie-spain\\\/\",\"url\":\"https:\\\/\\\/www.valerielemeur.com\\\/portefolio\\\/andalousie-spain\\\/\",\"name\":\"Andalousie, Espagne - Val\u00e9rie LE MEUR\",\"isPartOf\":{\"@id\":\"https:\\\/\\\/www.valerielemeur.com\\\/#website\"},\"datePublished\":\"2022-03-20T11:01:35+00:00\",\"dateModified\":\"2024-08-20T20:05:24+00:00\",\"breadcrumb\":{\"@id\":\"https:\\\/\\\/www.valerielemeur.com\\\/portefolio\\\/andalousie-spain\\\/#breadcrumb\"},\"inLanguage\":\"en-GB\",\"potentialAction\":[{\"@type\":\"ReadAction\",\"target\":[\"https:\\\/\\\/www.valerielemeur.com\\\/portefolio\\\/andalousie-spain\\\/\"]}]},{\"@type\":\"BreadcrumbList\",\"@id\":\"https:\\\/\\\/www.valerielemeur.com\\\/portefolio\\\/andalousie-spain\\\/#breadcrumb\",\"itemListElement\":[{\"@type\":\"ListItem\",\"position\":1,\"name\":\"Accueil\",\"item\":\"https:\\\/\\\/www.valerielemeur.com\\\/\"},{\"@type\":\"ListItem\",\"position\":2,\"name\":\"Portefolio\",\"item\":\"https:\\\/\\\/www.valerielemeur.com\\\/portefolio\\\/\"},{\"@type\":\"ListItem\",\"position\":3,\"name\":\"Andalousie, Espagne\"}]},{\"@type\":\"WebSite\",\"@id\":\"https:\\\/\\\/www.valerielemeur.com\\\/#website\",\"url\":\"https:\\\/\\\/www.valerielemeur.com\\\/\",\"name\":\"Val\u00e9rie LE MEUR\",\"description\":\"Artiste Peintre\",\"publisher\":{\"@id\":\"https:\\\/\\\/www.valerielemeur.com\\\/#organization\"},\"potentialAction\":[{\"@type\":\"SearchAction\",\"target\":{\"@type\":\"EntryPoint\",\"urlTemplate\":\"https:\\\/\\\/www.valerielemeur.com\\\/?s={search_term_string}\"},\"query-input\":{\"@type\":\"PropertyValueSpecification\",\"valueRequired\":true,\"valueName\":\"search_term_string\"}}],\"inLanguage\":\"en-GB\"},{\"@type\":\"Organization\",\"@id\":\"https:\\\/\\\/www.valerielemeur.com\\\/#organization\",\"name\":\"valerie le meur\",\"url\":\"https:\\\/\\\/www.valerielemeur.com\\\/\",\"logo\":{\"@type\":\"ImageObject\",\"inLanguage\":\"en-GB\",\"@id\":\"https:\\\/\\\/www.valerielemeur.com\\\/#\\\/schema\\\/logo\\\/image\\\/\",\"url\":\"https:\\\/\\\/www.valerielemeur.com\\\/wp-content\\\/uploads\\\/2020\\\/07\\\/photo-CV-sun.jpg\",\"contentUrl\":\"https:\\\/\\\/www.valerielemeur.com\\\/wp-content\\\/uploads\\\/2020\\\/07\\\/photo-CV-sun.jpg\",\"width\":2373,\"height\":2373,\"caption\":\"valerie le meur\"},\"image\":{\"@id\":\"https:\\\/\\\/www.valerielemeur.com\\\/#\\\/schema\\\/logo\\\/image\\\/\"}}]}<\/script>\n<!-- \/ Yoast SEO plugin. -->","yoast_head_json":{"title":"Andalousie, Espagne - Val\u00e9rie LE MEUR","robots":{"index":"index","follow":"follow","max-snippet":"max-snippet:-1","max-image-preview":"max-image-preview:large","max-video-preview":"max-video-preview:-1"},"canonical":"https:\/\/www.valerielemeur.com\/en\/portefolio\/andalousie-spain\/","og_locale":"en_GB","og_type":"article","og_title":"Andalousie, Espagne - Val\u00e9rie LE MEUR","og_description":"Andalousie, Espagne","og_url":"https:\/\/www.valerielemeur.com\/en\/portefolio\/andalousie-spain\/","og_site_name":"Val\u00e9rie LE MEUR","article_modified_time":"2024-08-20T20:05:24+00:00","twitter_card":"summary_large_image","twitter_misc":{"Estimated reading time":"1 minute"},"schema":{"@context":"https:\/\/schema.org","@graph":[{"@type":"WebPage","@id":"https:\/\/www.valerielemeur.com\/portefolio\/andalousie-spain\/","url":"https:\/\/www.valerielemeur.com\/portefolio\/andalousie-spain\/","name":"Andalousie, Espagne - Val\u00e9rie LE MEUR","isPartOf":{"@id":"https:\/\/www.valerielemeur.com\/#website"},"datePublished":"2022-03-20T11:01:35+00:00","dateModified":"2024-08-20T20:05:24+00:00","breadcrumb":{"@id":"https:\/\/www.valerielemeur.com\/portefolio\/andalousie-spain\/#breadcrumb"},"inLanguage":"en-GB","potentialAction":[{"@type":"ReadAction","target":["https:\/\/www.valerielemeur.com\/portefolio\/andalousie-spain\/"]}]},{"@type":"BreadcrumbList","@id":"https:\/\/www.valerielemeur.com\/portefolio\/andalousie-spain\/#breadcrumb","itemListElement":[{"@type":"ListItem","position":1,"name":"Accueil","item":"https:\/\/www.valerielemeur.com\/"},{"@type":"ListItem","position":2,"name":"Portefolio","item":"https:\/\/www.valerielemeur.com\/portefolio\/"},{"@type":"ListItem","position":3,"name":"Andalousie, Espagne"}]},{"@type":"WebSite","@id":"https:\/\/www.valerielemeur.com\/#website","url":"https:\/\/www.valerielemeur.com\/","name":"Val\u00e9rie LE MEUR","description":"Painter","publisher":{"@id":"https:\/\/www.valerielemeur.com\/#organization"},"potentialAction":[{"@type":"SearchAction","target":{"@type":"EntryPoint","urlTemplate":"https:\/\/www.valerielemeur.com\/?s={search_term_string}"},"query-input":{"@type":"PropertyValueSpecification","valueRequired":true,"valueName":"search_term_string"}}],"inLanguage":"en-GB"},{"@type":"Organization","@id":"https:\/\/www.valerielemeur.com\/#organization","name":"valerie le meur","url":"https:\/\/www.valerielemeur.com\/","logo":{"@type":"ImageObject","inLanguage":"en-GB","@id":"https:\/\/www.valerielemeur.com\/#\/schema\/logo\/image\/","url":"https:\/\/www.valerielemeur.com\/wp-content\/uploads\/2020\/07\/photo-CV-sun.jpg","contentUrl":"https:\/\/www.valerielemeur.com\/wp-content\/uploads\/2020\/07\/photo-CV-sun.jpg","width":2373,"height":2373,"caption":"valerie le meur"},"image":{"@id":"https:\/\/www.valerielemeur.com\/#\/schema\/logo\/image\/"}}]}},"uagb_featured_image_src":{"full":false,"thumbnail":false,"medium":false,"medium_large":false,"large":false,"1536x1536":false,"2048x2048":false,"trp-custom-language-flag":false},"uagb_author_info":{"display_name":"VLM","author_link":"https:\/\/www.valerielemeur.com\/en\/author\/vlm\/"},"uagb_comment_info":0,"uagb_excerpt":"Andalousie, Espagne","jetpack_sharing_enabled":true,"_links":{"self":[{"href":"https:\/\/www.valerielemeur.com\/en\/wp-json\/wp\/v2\/pages\/4009","targetHints":{"allow":["GET"]}}],"collection":[{"href":"https:\/\/www.valerielemeur.com\/en\/wp-json\/wp\/v2\/pages"}],"about":[{"href":"https:\/\/www.valerielemeur.com\/en\/wp-json\/wp\/v2\/types\/page"}],"author":[{"embeddable":true,"href":"https:\/\/www.valerielemeur.com\/en\/wp-json\/wp\/v2\/users\/1"}],"replies":[{"embeddable":true,"href":"https:\/\/www.valerielemeur.com\/en\/wp-json\/wp\/v2\/comments?post=4009"}],"version-history":[{"count":19,"href":"https:\/\/www.valerielemeur.com\/en\/wp-json\/wp\/v2\/pages\/4009\/revisions"}],"predecessor-version":[{"id":5969,"href":"https:\/\/www.valerielemeur.com\/en\/wp-json\/wp\/v2\/pages\/4009\/revisions\/5969"}],"up":[{"embeddable":true,"href":"https:\/\/www.valerielemeur.com\/en\/wp-json\/wp\/v2\/pages\/935"}],"wp:attachment":[{"href":"https:\/\/www.valerielemeur.com\/en\/wp-json\/wp\/v2\/media?parent=4009"}],"curies":[{"name":"wp","href":"https:\/\/api.w.org\/{rel}","templated":true}]}}